{"id":659,"date":"2023-07-25T08:50:20","date_gmt":"2023-07-25T06:50:20","guid":{"rendered":"https:\/\/www.jrpc.re\/?page_id=659"},"modified":"2023-07-25T11:47:18","modified_gmt":"2023-07-25T09:47:18","slug":"dossiers-jrpc-2023","status":"publish","type":"page","link":"https:\/\/www.jrpc.re\/index.php\/dossiers-jrpc-2023\/","title":{"rendered":"Dossiers-JRPC-2023"},"content":{"rendered":"<p>[et_pb_section fb_built=&#8221;1&#8243; _builder_version=&#8221;4.19.2&#8243; _module_preset=&#8221;default&#8221; background_color=&#8221;#FFFFFF&#8221; min_height=&#8221;350px&#8221; custom_padding=&#8221;3px||54px|||&#8221; global_colors_info=&#8221;{}&#8221;][et_pb_row _builder_version=&#8221;4.19.2&#8243; _module_preset=&#8221;default&#8221; min_height=&#8221;257px&#8221; custom_padding=&#8221;||0px|||&#8221; global_colors_info=&#8221;{}&#8221;][et_pb_column type=&#8221;4_4&#8243; _builder_version=&#8221;4.19.2&#8243; _module_preset=&#8221;default&#8221; global_colors_info=&#8221;{}&#8221;][et_pb_image src=&#8221;https:\/\/www.jrpc.re\/wp-content\/uploads\/2022\/11\/LOGO-bleu-JRPC.png&#8221; title_text=&#8221;LOGO-bleu-JRPC&#8221; _builder_version=&#8221;4.19.2&#8243; _module_preset=&#8221;default&#8221; transform_scale=&#8221;60%|62%&#8221; transform_scale_linked=&#8221;off&#8221; min_height=&#8221;220px&#8221; hover_enabled=&#8221;0&#8243; global_colors_info=&#8221;{}&#8221; transform_styles_last_edited=&#8221;on|desktop&#8221; transform_scale_last_edited=&#8221;on|desktop&#8221; transform_translate_last_edited=&#8221;on|desktop&#8221; transform_rotate_last_edited=&#8221;on|desktop&#8221; transform_skew_last_edited=&#8221;on|desktop&#8221; transform_origin_last_edited=&#8221;on|desktop&#8221; sticky_enabled=&#8221;0&#8243; transform_scale_tablet=&#8221;60%|52%&#8221; transform_scale_phone=&#8221;74%|36%&#8221;][\/et_pb_image][\/et_pb_column][\/et_pb_row][\/et_pb_section][et_pb_section fb_built=&#8221;1&#8243; _builder_version=&#8221;4.19.2&#8243; _module_preset=&#8221;default&#8221; background_color=&#8221;#F7F7F7&#8243; min_height=&#8221;350px&#8221; custom_margin=&#8221;-83px|||||&#8221; custom_padding=&#8221;||93px|||&#8221; global_colors_info=&#8221;{}&#8221;][et_pb_row _builder_version=&#8221;4.19.2&#8243; _module_preset=&#8221;default&#8221; global_colors_info=&#8221;{}&#8221;][et_pb_column type=&#8221;4_4&#8243; _builder_version=&#8221;4.19.2&#8243; _module_preset=&#8221;default&#8221; global_colors_info=&#8221;{}&#8221;][et_pb_text module_id=&#8221;dossiers-congres&#8221; _builder_version=&#8221;4.19.2&#8243; _module_preset=&#8221;default&#8221; text_text_color=&#8221;#7a1a00&#8243; text_font_size=&#8221;30px&#8221; text_line_height=&#8221;1.6em&#8221; text_font_size_tablet=&#8221;30px&#8221; text_font_size_phone=&#8221;25px&#8221; text_font_size_last_edited=&#8221;on|phone&#8221; border_color_all=&#8221;RGBA(255,255,255,0)&#8221; border_color_top=&#8221;#42829B&#8221; border_color_right=&#8221;#42829B&#8221; border_color_left=&#8221;#42829B&#8221; global_colors_info=&#8221;{}&#8221;]<\/p>\n<p style=\"text-align: center;\">Dossiers Congr\u00e8s<\/p>\n<p>[\/et_pb_text][et_pb_divider color=&#8221;#42829B&#8221; _builder_version=&#8221;4.19.2&#8243; _module_preset=&#8221;default&#8221; width=&#8221;25%&#8221; module_alignment=&#8221;center&#8221; global_colors_info=&#8221;{}&#8221;][\/et_pb_divider][et_pb_text _builder_version=&#8221;4.19.2&#8243; _module_preset=&#8221;default&#8221; text_font_size=&#8221;21px&#8221; text_orientation=&#8221;center&#8221; global_colors_info=&#8221;{}&#8221;]<\/p>\n<p>Retrouvez les points cl\u00e9s et les PDF des sujets qui ont \u00e9t\u00e9 trait\u00e9s lors des JRPC 2023<\/p>\n<p>[\/et_pb_text][\/et_pb_column][\/et_pb_row][et_pb_row _builder_version=&#8221;4.19.2&#8243; _module_preset=&#8221;default&#8221; custom_margin=&#8221;-55px|auto||auto||&#8221; global_colors_info=&#8221;{}&#8221;][et_pb_column type=&#8221;4_4&#8243; _builder_version=&#8221;4.19.2&#8243; _module_preset=&#8221;default&#8221; global_colors_info=&#8221;{}&#8221;][\/et_pb_column][\/et_pb_row][et_pb_row _builder_version=&#8221;4.19.2&#8243; _module_preset=&#8221;default&#8221; global_colors_info=&#8221;{}&#8221;][et_pb_column type=&#8221;4_4&#8243; _builder_version=&#8221;4.19.2&#8243; _module_preset=&#8221;default&#8221; global_colors_info=&#8221;{}&#8221;][et_pb_text module_id=&#8221;partenaires&#8221; _builder_version=&#8221;4.19.2&#8243; _module_preset=&#8221;default&#8221; text_font_size=&#8221;30px&#8221; text_font_size_tablet=&#8221;30px&#8221; text_font_size_phone=&#8221;25px&#8221; text_font_size_last_edited=&#8221;on|tablet&#8221; global_colors_info=&#8221;{}&#8221;]<\/p>\n<p style=\"text-align: center;\">1 &#8211; Ulc\u00e8res Veineux<\/p>\n<p>[\/et_pb_text][et_pb_divider color=&#8221;#42829B&#8221; _builder_version=&#8221;4.19.2&#8243; _module_preset=&#8221;default&#8221; width=&#8221;25%&#8221; module_alignment=&#8221;center&#8221; global_colors_info=&#8221;{}&#8221;][\/et_pb_divider][\/et_pb_column][\/et_pb_row][et_pb_row column_structure=&#8221;1_4,1_4,1_4,1_4&#8243; _builder_version=&#8221;4.19.2&#8243; _module_preset=&#8221;default&#8221; global_colors_info=&#8221;{}&#8221;][et_pb_column type=&#8221;1_4&#8243; _builder_version=&#8221;4.19.2&#8243; _module_preset=&#8221;default&#8221; global_colors_info=&#8221;{}&#8221;][et_pb_image src=&#8221;https:\/\/www.jrpc.re\/wp-content\/uploads\/2023\/07\/1-2-JRPC-2023_-Ballini-Maillot_Session-Ulcere-veineux-1-scaled.jpg&#8221; title_text=&#8221;Ulc\u00e8res veineux&#8221; url=&#8221;https:\/\/www.jrpc.re\/wp-content\/uploads\/2023\/07\/1-2-JRPC-2023_-Ballini-Maillot_Session-Ulcere-veineux.pdf&#8221; url_new_window=&#8221;on&#8221; _builder_version=&#8221;4.19.2&#8243; _module_preset=&#8221;default&#8221; global_colors_info=&#8221;{}&#8221;][\/et_pb_image][\/et_pb_column][et_pb_column type=&#8221;1_4&#8243; _builder_version=&#8221;4.19.2&#8243; _module_preset=&#8221;default&#8221; global_colors_info=&#8221;{}&#8221;][et_pb_image src=&#8221;https:\/\/www.jrpc.re\/wp-content\/uploads\/2023\/07\/3-JRPC2023_JAILLANT_HUBERT_Noemie_Chloe_Le-point-de-vue-du-chirurgien-2-1-scaled.jpg&#8221; title_text=&#8221;Le point de vue du chirurgien&#8221; url=&#8221;https:\/\/www.jrpc.re\/wp-content\/uploads\/2023\/07\/3-JRPC2023_JAILLANT_HUBERT_Noemie_Chloe_Le-point-de-vue-du-chirurgien-2.pdf&#8221; url_new_window=&#8221;on&#8221; _builder_version=&#8221;4.19.2&#8243; _module_preset=&#8221;default&#8221; global_colors_info=&#8221;{}&#8221;][\/et_pb_image][\/et_pb_column][et_pb_column type=&#8221;1_4&#8243; _builder_version=&#8221;4.19.2&#8243; _module_preset=&#8221;default&#8221; global_colors_info=&#8221;{}&#8221;][et_pb_image src=&#8221;https:\/\/www.jrpc.re\/wp-content\/uploads\/2023\/07\/4-Tous-savoir-sur-la-compression-MEAUME-JRPC-2023-V2-1-scaled.jpg&#8221; title_text=&#8221;Tout savoir sur la compression&#8221; url=&#8221;https:\/\/www.jrpc.re\/wp-content\/uploads\/2023\/07\/4-Tous-savoir-sur-la-compression-MEAUME-JRPC-2023-V2-.pdf&#8221; url_new_window=&#8221;on&#8221; _builder_version=&#8221;4.19.2&#8243; _module_preset=&#8221;default&#8221; global_colors_info=&#8221;{}&#8221;][\/et_pb_image][\/et_pb_column][et_pb_column type=&#8221;1_4&#8243; _builder_version=&#8221;4.19.2&#8243; _module_preset=&#8221;default&#8221; global_colors_info=&#8221;{}&#8221;][et_pb_image src=&#8221;https:\/\/www.jrpc.re\/wp-content\/uploads\/2023\/07\/6-JRPC-2023_-Maillot_reseau-PC-1-scaled.jpg&#8221; title_text=&#8221;Le r\u00e9seau de soins r\u00e9unionnais dans le domaine des plaies: Cartographie interactive&#8221; url=&#8221;https:\/\/www.jrpc.re\/wp-content\/uploads\/2023\/07\/6-JRPC-2023_-Maillot_reseau-PC-.pdf&#8221; url_new_window=&#8221;on&#8221; _builder_version=&#8221;4.19.2&#8243; _module_preset=&#8221;default&#8221; global_colors_info=&#8221;{}&#8221;][\/et_pb_image][\/et_pb_column][\/et_pb_row][et_pb_row _builder_version=&#8221;4.19.2&#8243; _module_preset=&#8221;default&#8221; custom_margin=&#8221;33px|auto||auto||&#8221; global_colors_info=&#8221;{}&#8221;][et_pb_column type=&#8221;4_4&#8243; _builder_version=&#8221;4.19.2&#8243; _module_preset=&#8221;default&#8221; global_colors_info=&#8221;{}&#8221;][et_pb_text module_id=&#8221;partenaires&#8221; _builder_version=&#8221;4.19.2&#8243; _module_preset=&#8221;default&#8221; text_font_size=&#8221;30px&#8221; text_font_size_tablet=&#8221;30px&#8221; text_font_size_phone=&#8221;25px&#8221; text_font_size_last_edited=&#8221;on|tablet&#8221; global_colors_info=&#8221;{}&#8221;]<\/p>\n<p style=\"text-align: center;\">2 &#8211; Ecologie<\/p>\n<p>[\/et_pb_text][et_pb_divider color=&#8221;#42829B&#8221; _builder_version=&#8221;4.19.2&#8243; _module_preset=&#8221;default&#8221; width=&#8221;25%&#8221; module_alignment=&#8221;center&#8221; global_colors_info=&#8221;{}&#8221;][\/et_pb_divider][\/et_pb_column][\/et_pb_row][et_pb_row column_structure=&#8221;1_4,1_4,1_4,1_4&#8243; _builder_version=&#8221;4.19.2&#8243; _module_preset=&#8221;default&#8221; global_colors_info=&#8221;{}&#8221;][et_pb_column type=&#8221;1_4&#8243; _builder_version=&#8221;4.19.2&#8243; _module_preset=&#8221;default&#8221; global_colors_info=&#8221;{}&#8221;][et_pb_image src=&#8221;https:\/\/www.jrpc.re\/wp-content\/uploads\/2023\/07\/1-JRPC2023_Lemarchand_Bruno_Santeetimpactplanetaire-1-scaled.jpg&#8221; title_text=&#8221;1 &#8211; JRPC2023_Lemarchand_Bruno_Santeetimpactplanetaire-1&#8243; url=&#8221;https:\/\/www.jrpc.re\/wp-content\/uploads\/2023\/07\/1-JRPC2023_Lemarchand_Bruno_Santeetimpactplanetaire.pdf&#8221; url_new_window=&#8221;on&#8221; _builder_version=&#8221;4.19.2&#8243; _module_preset=&#8221;default&#8221; global_colors_info=&#8221;{}&#8221;][\/et_pb_image][\/et_pb_column][et_pb_column type=&#8221;1_4&#8243; _builder_version=&#8221;4.19.2&#8243; _module_preset=&#8221;default&#8221; global_colors_info=&#8221;{}&#8221;][et_pb_image src=&#8221;https:\/\/www.jrpc.re\/wp-content\/uploads\/2023\/07\/2-JRPC2023_DUMAS_Boris_DASRI-vers-un-tri-plus-responsable-1-scaled.jpg&#8221; title_text=&#8221;2 &#8211; JRPC2023_DUMAS_Boris_DASRI vers un tri plus responsable-1&#8243; url=&#8221;https:\/\/www.jrpc.re\/wp-content\/uploads\/2023\/07\/2-JRPC2023_DUMAS_Boris_DASRI-vers-un-tri-plus-responsable.pdf&#8221; url_new_window=&#8221;on&#8221; _builder_version=&#8221;4.19.2&#8243; _module_preset=&#8221;default&#8221; global_colors_info=&#8221;{}&#8221;][\/et_pb_image][\/et_pb_column][et_pb_column type=&#8221;1_4&#8243; _builder_version=&#8221;4.19.2&#8243; _module_preset=&#8221;default&#8221; global_colors_info=&#8221;{}&#8221;][et_pb_image src=&#8221;https:\/\/www.jrpc.re\/wp-content\/uploads\/2023\/07\/3-JRPC2023_Parassouramanaik-Accama_Juli-e_Gestion-des-dechets-lies-aux-activites-de-soins-sans-risque-infectieux-appliquee-au-traitement-des-plaies-1-scaled.jpg&#8221; title_text=&#8221;3 -JRPC2023_Parassouramanaik Accama_Juli e_Gestion des de\u0301chets lie\u0301s aux activite\u0301s de soins sans risque infectieux applique\u0301e au traitement des plaies-1&#8243; url=&#8221;https:\/\/www.jrpc.re\/wp-content\/uploads\/2023\/07\/3-JRPC2023_Parassouramanaik-Accama_Juli-e_Gestion-des-dechets-lies-aux-activites-de-soins-sans-risque-infectieux-appliquee-au-traitement-des-plaies.pdf&#8221; url_new_window=&#8221;on&#8221; _builder_version=&#8221;4.19.2&#8243; _module_preset=&#8221;default&#8221; global_colors_info=&#8221;{}&#8221;][\/et_pb_image][\/et_pb_column][et_pb_column type=&#8221;1_4&#8243; _builder_version=&#8221;4.19.2&#8243; _module_preset=&#8221;default&#8221; global_colors_info=&#8221;{}&#8221;][et_pb_image src=&#8221;https:\/\/www.jrpc.re\/wp-content\/uploads\/2023\/07\/4-JRPC-2023-ecologie-cedelle-mathieu-copie-1-scaled.jpg&#8221; title_text=&#8221;4 &#8211; JRPC 2023 ecologie cedelle mathieu copie-1&#8243; url=&#8221;https:\/\/www.jrpc.re\/wp-content\/uploads\/2023\/07\/4-JRPC-2023-ecologie-cedelle-mathieu-copie.pdf&#8221; url_new_window=&#8221;on&#8221; _builder_version=&#8221;4.19.2&#8243; _module_preset=&#8221;default&#8221; global_colors_info=&#8221;{}&#8221;][\/et_pb_image][\/et_pb_column][\/et_pb_row][et_pb_row _builder_version=&#8221;4.19.2&#8243; _module_preset=&#8221;default&#8221; custom_margin=&#8221;33px|auto||auto||&#8221; global_colors_info=&#8221;{}&#8221;][et_pb_column type=&#8221;4_4&#8243; _builder_version=&#8221;4.19.2&#8243; _module_preset=&#8221;default&#8221; global_colors_info=&#8221;{}&#8221;][et_pb_text module_id=&#8221;partenaires&#8221; _builder_version=&#8221;4.19.2&#8243; _module_preset=&#8221;default&#8221; text_font_size=&#8221;30px&#8221; text_font_size_tablet=&#8221;30px&#8221; text_font_size_phone=&#8221;25px&#8221; text_font_size_last_edited=&#8221;on|tablet&#8221; global_colors_info=&#8221;{}&#8221;]<\/p>\n<p style=\"text-align: center;\">3 &#8211; Communications libres<\/p>\n<p>[\/et_pb_text][et_pb_divider color=&#8221;#42829B&#8221; _builder_version=&#8221;4.19.2&#8243; _module_preset=&#8221;default&#8221; width=&#8221;25%&#8221; module_alignment=&#8221;center&#8221; global_colors_info=&#8221;{}&#8221;][\/et_pb_divider][\/et_pb_column][\/et_pb_row][et_pb_row column_structure=&#8221;1_4,1_4,1_4,1_4&#8243; _builder_version=&#8221;4.19.2&#8243; _module_preset=&#8221;default&#8221; global_colors_info=&#8221;{}&#8221;][et_pb_column type=&#8221;1_4&#8243; _builder_version=&#8221;4.19.2&#8243; _module_preset=&#8221;default&#8221; global_colors_info=&#8221;{}&#8221;][et_pb_image src=&#8221;https:\/\/www.jrpc.re\/wp-content\/uploads\/2023\/07\/1-JRPC-2023-maillot-_cedelle-IPA-1-scaled.jpg&#8221; title_text=&#8221;1 &#8211; JRPC 2023 maillot _cedelle IPA-1&#8243; url=&#8221;https:\/\/www.jrpc.re\/wp-content\/uploads\/2023\/07\/1-JRPC-2023-maillot-_cedelle-IPA.pdf&#8221; url_new_window=&#8221;on&#8221; _builder_version=&#8221;4.19.2&#8243; _module_preset=&#8221;default&#8221; global_colors_info=&#8221;{}&#8221;][\/et_pb_image][\/et_pb_column][et_pb_column type=&#8221;1_4&#8243; _builder_version=&#8221;4.19.2&#8243; _module_preset=&#8221;default&#8221; global_colors_info=&#8221;{}&#8221;][et_pb_image src=&#8221;https:\/\/www.jrpc.re\/wp-content\/uploads\/2023\/07\/2-DANDREA-JRPC-TPN-1-scaled.jpg&#8221; title_text=&#8221;2 &#8211; D&#8217;ANDREA JRPC TPN-1&#8243; url=&#8221;https:\/\/www.jrpc.re\/wp-content\/uploads\/2023\/07\/2-DANDREA-JRPC-TPN.pdf&#8221; url_new_window=&#8221;on&#8221; _builder_version=&#8221;4.19.2&#8243; _module_preset=&#8221;default&#8221; global_colors_info=&#8221;{}&#8221;][\/et_pb_image][\/et_pb_column][et_pb_column type=&#8221;1_4&#8243; _builder_version=&#8221;4.19.2&#8243; _module_preset=&#8221;default&#8221; global_colors_info=&#8221;{}&#8221;][et_pb_image src=&#8221;https:\/\/www.jrpc.re\/wp-content\/uploads\/2023\/07\/3-DEBRICHEM-3-bis-1-scaled.jpg&#8221; title_text=&#8221;3 &#8211; DEBRICHEM 3 bis-1&#8243; url=&#8221;https:\/\/www.jrpc.re\/wp-content\/uploads\/2023\/07\/3-DEBRICHEM-3-bis.pdf&#8221; url_new_window=&#8221;on&#8221; _builder_version=&#8221;4.19.2&#8243; _module_preset=&#8221;default&#8221; global_colors_info=&#8221;{}&#8221;][\/et_pb_image][\/et_pb_column][et_pb_column type=&#8221;1_4&#8243; _builder_version=&#8221;4.19.2&#8243; _module_preset=&#8221;default&#8221; global_colors_info=&#8221;{}&#8221;][et_pb_image src=&#8221;https:\/\/www.jrpc.re\/wp-content\/uploads\/2023\/07\/4-JRPC2023_MASSEGUIN_Thomas_Reflexion-sur-la-prise-en-charge-palliative-des-plaies-1-scaled.jpg&#8221; title_text=&#8221;4 &#8211; JRPC2023_MASSEGUIN_Thomas_Re\u0301flexion sur la prise en charge palliative des plaies-1&#8243; url=&#8221;https:\/\/www.jrpc.re\/wp-content\/uploads\/2023\/07\/4-JRPC2023_MASSEGUIN_Thomas_Reflexion-sur-la-prise-en-charge-palliative-des-plaies.pdf&#8221; url_new_window=&#8221;on&#8221; _builder_version=&#8221;4.19.2&#8243; _module_preset=&#8221;default&#8221; global_colors_info=&#8221;{}&#8221;][\/et_pb_image][\/et_pb_column][\/et_pb_row][et_pb_row column_structure=&#8221;1_4,1_4,1_4,1_4&#8243; _builder_version=&#8221;4.19.2&#8243; _module_preset=&#8221;default&#8221; global_colors_info=&#8221;{}&#8221;][et_pb_column type=&#8221;1_4&#8243; _builder_version=&#8221;4.19.2&#8243; _module_preset=&#8221;default&#8221; global_colors_info=&#8221;{}&#8221;][et_pb_image src=&#8221;https:\/\/www.jrpc.re\/wp-content\/uploads\/2023\/07\/5-JRPC-2023-aromatherapie-cedelle-mathieu-1-scaled.jpg&#8221; title_text=&#8221;5 &#8211; JRPC 2023 aromatherapie, cedelle mathieu-1&#8243; url=&#8221;https:\/\/www.jrpc.re\/wp-content\/uploads\/2023\/07\/5-JRPC-2023-aromatherapie-cedelle-mathieu.pdf&#8221; url_new_window=&#8221;on&#8221; _builder_version=&#8221;4.19.2&#8243; _module_preset=&#8221;default&#8221; global_colors_info=&#8221;{}&#8221;][\/et_pb_image][\/et_pb_column][et_pb_column type=&#8221;1_4&#8243; _builder_version=&#8221;4.19.2&#8243; _module_preset=&#8221;default&#8221; global_colors_info=&#8221;{}&#8221;][et_pb_image src=&#8221;https:\/\/www.jrpc.re\/wp-content\/uploads\/2023\/07\/7-Vistacare-JRPC-1-scaled.jpg&#8221; title_text=&#8221;7 &#8211; Vistacare JRPC-1&#8243; url=&#8221;https:\/\/www.jrpc.re\/wp-content\/uploads\/2023\/07\/7-Vistacare-JRPC.pdf&#8221; url_new_window=&#8221;on&#8221; _builder_version=&#8221;4.19.2&#8243; _module_preset=&#8221;default&#8221; global_colors_info=&#8221;{}&#8221;][\/et_pb_image][\/et_pb_column][et_pb_column type=&#8221;1_4&#8243; _builder_version=&#8221;4.19.2&#8243; _module_preset=&#8221;default&#8221; global_colors_info=&#8221;{}&#8221;][\/et_pb_column][et_pb_column type=&#8221;1_4&#8243; _builder_version=&#8221;4.19.2&#8243; _module_preset=&#8221;default&#8221; global_colors_info=&#8221;{}&#8221;][\/et_pb_column][\/et_pb_row][et_pb_row _builder_version=&#8221;4.19.2&#8243; _module_preset=&#8221;default&#8221; custom_margin=&#8221;33px|auto||auto||&#8221; global_colors_info=&#8221;{}&#8221;][et_pb_column type=&#8221;4_4&#8243; _builder_version=&#8221;4.19.2&#8243; _module_preset=&#8221;default&#8221; global_colors_info=&#8221;{}&#8221;][et_pb_text module_id=&#8221;partenaires&#8221; _builder_version=&#8221;4.19.2&#8243; _module_preset=&#8221;default&#8221; text_font_size=&#8221;30px&#8221; text_font_size_tablet=&#8221;30px&#8221; text_font_size_phone=&#8221;25px&#8221; text_font_size_last_edited=&#8221;on|tablet&#8221; global_colors_info=&#8221;{}&#8221;]<\/p>\n<p style=\"text-align: center;\">4 &#8211; Br\u00fblures et cicatrices<\/p>\n<p>[\/et_pb_text][et_pb_divider color=&#8221;#42829B&#8221; _builder_version=&#8221;4.19.2&#8243; _module_preset=&#8221;default&#8221; width=&#8221;25%&#8221; module_alignment=&#8221;center&#8221; global_colors_info=&#8221;{}&#8221;][\/et_pb_divider][\/et_pb_column][\/et_pb_row][et_pb_row column_structure=&#8221;1_4,1_4,1_4,1_4&#8243; _builder_version=&#8221;4.19.2&#8243; _module_preset=&#8221;default&#8221; global_colors_info=&#8221;{}&#8221;][et_pb_column type=&#8221;1_4&#8243; _builder_version=&#8221;4.19.2&#8243; _module_preset=&#8221;default&#8221; global_colors_info=&#8221;{}&#8221;][et_pb_image src=&#8221;https:\/\/www.jrpc.re\/wp-content\/uploads\/2023\/07\/1-brulure-JRPC-1-scaled.jpg&#8221; title_text=&#8221;1 &#8211; brulure JRPC-1&#8243; url=&#8221;https:\/\/www.jrpc.re\/wp-content\/uploads\/2023\/07\/1-brulure-JRPC.pdf&#8221; url_new_window=&#8221;on&#8221; _builder_version=&#8221;4.19.2&#8243; _module_preset=&#8221;default&#8221; global_colors_info=&#8221;{}&#8221;][\/et_pb_image][\/et_pb_column][et_pb_column type=&#8221;1_4&#8243; _builder_version=&#8221;4.19.2&#8243; _module_preset=&#8221;default&#8221; global_colors_info=&#8221;{}&#8221;][et_pb_image src=&#8221;https:\/\/www.jrpc.re\/wp-content\/uploads\/2023\/07\/2-JRPC2023_Gachie_Eva_traitement-chir-brulure-aigue-1-scaled.jpg&#8221; title_text=&#8221;2 &#8211; JRPC2023_Gachie_Eva_traitement chir bru\u0302lure aigue-1&#8243; url=&#8221;https:\/\/www.jrpc.re\/wp-content\/uploads\/2023\/07\/2-JRPC2023_Gachie_Eva_traitement-chir-brulure-aigue.pdf&#8221; url_new_window=&#8221;on&#8221; _builder_version=&#8221;4.19.2&#8243; _module_preset=&#8221;default&#8221; global_colors_info=&#8221;{}&#8221;][\/et_pb_image][\/et_pb_column][et_pb_column type=&#8221;1_4&#8243; _builder_version=&#8221;4.19.2&#8243; _module_preset=&#8221;default&#8221; global_colors_info=&#8221;{}&#8221;][et_pb_image src=&#8221;https:\/\/www.jrpc.re\/wp-content\/uploads\/2023\/07\/3-JRPC2023_Frade_Fernanda_Les-brulures-pediatriques-1-scaled.jpg&#8221; title_text=&#8221;3 &#8211; JRPC2023_Frade_Fernanda_Les bru\u0302lures pe\u0301diatriques-1&#8243; url=&#8221;https:\/\/www.jrpc.re\/wp-content\/uploads\/2023\/07\/3-JRPC2023_Frade_Fernanda_Les-brulures-pediatriques.pdf&#8221; url_new_window=&#8221;on&#8221; _builder_version=&#8221;4.19.2&#8243; _module_preset=&#8221;default&#8221; global_colors_info=&#8221;{}&#8221;][\/et_pb_image][\/et_pb_column][et_pb_column type=&#8221;1_4&#8243; _builder_version=&#8221;4.19.2&#8243; _module_preset=&#8221;default&#8221; global_colors_info=&#8221;{}&#8221;][et_pb_image src=&#8221;https:\/\/www.jrpc.re\/wp-content\/uploads\/2023\/07\/4-JRPC2023_Moutounaick_Mirella_brulure-du-point-de-vue-du-MPR-1-scaled.jpg&#8221; title_text=&#8221;4 &#8211; JRPC2023_Moutounaick_Mirella_brulure du point de vue du MPR-1&#8243; url=&#8221;https:\/\/www.jrpc.re\/wp-content\/uploads\/2023\/07\/4-JRPC2023_Moutounaick_Mirella_brulure-du-point-de-vue-du-MPR.pdf&#8221; url_new_window=&#8221;on&#8221; _builder_version=&#8221;4.19.2&#8243; _module_preset=&#8221;default&#8221; global_colors_info=&#8221;{}&#8221;][\/et_pb_image][\/et_pb_column][\/et_pb_row][et_pb_row column_structure=&#8221;1_4,1_4,1_4,1_4&#8243; _builder_version=&#8221;4.19.2&#8243; _module_preset=&#8221;default&#8221; global_colors_info=&#8221;{}&#8221;][et_pb_column type=&#8221;1_4&#8243; _builder_version=&#8221;4.19.2&#8243; _module_preset=&#8221;default&#8221; global_colors_info=&#8221;{}&#8221;][et_pb_image src=&#8221;https:\/\/www.jrpc.re\/wp-content\/uploads\/2023\/07\/5-CascliniqueGBNeema-1-scaled.jpg&#8221; title_text=&#8221;5 &#8211; CascliniqueGBNeema-1&#8243; url=&#8221;https:\/\/www.jrpc.re\/wp-content\/uploads\/2023\/07\/5-CascliniqueGBNeema.pdf&#8221; url_new_window=&#8221;on&#8221; _builder_version=&#8221;4.19.2&#8243; _module_preset=&#8221;default&#8221; global_colors_info=&#8221;{}&#8221;][\/et_pb_image][\/et_pb_column][et_pb_column type=&#8221;1_4&#8243; _builder_version=&#8221;4.19.2&#8243; _module_preset=&#8221;default&#8221; global_colors_info=&#8221;{}&#8221;][et_pb_image src=&#8221;https:\/\/www.jrpc.re\/wp-content\/uploads\/2023\/07\/6-JRPC2023_Gachie_Eva_sequelles-de-brulures-1-scaled.jpg&#8221; title_text=&#8221;6 &#8211; JRPC2023_Gachie_Eva_se\u0301quelles de bru\u0302lures-1&#8243; url=&#8221;https:\/\/www.jrpc.re\/wp-content\/uploads\/2023\/07\/6-JRPC2023_Gachie_Eva_sequelles-de-brulures.pdf&#8221; url_new_window=&#8221;on&#8221; _builder_version=&#8221;4.19.2&#8243; _module_preset=&#8221;default&#8221; global_colors_info=&#8221;{}&#8221;][\/et_pb_image][\/et_pb_column][et_pb_column type=&#8221;1_4&#8243; _builder_version=&#8221;4.19.2&#8243; _module_preset=&#8221;default&#8221; global_colors_info=&#8221;{}&#8221;][et_pb_image src=&#8221;https:\/\/www.jrpc.re\/wp-content\/uploads\/2023\/07\/8-JRPC2023_BAGNY_KELLY_cicatrices-pathologiques-1-scaled.jpg&#8221; title_text=&#8221;8 &#8211; JRPC2023_BAGNY_KELLY_cicatrices pathologiques-1&#8243; url=&#8221;https:\/\/www.jrpc.re\/wp-content\/uploads\/2023\/07\/8-JRPC2023_BAGNY_KELLY_cicatrices-pathologiques.pdf&#8221; url_new_window=&#8221;on&#8221; _builder_version=&#8221;4.19.2&#8243; _module_preset=&#8221;default&#8221; global_colors_info=&#8221;{}&#8221;][\/et_pb_image][\/et_pb_column][et_pb_column type=&#8221;1_4&#8243; _builder_version=&#8221;4.19.2&#8243; _module_preset=&#8221;default&#8221; global_colors_info=&#8221;{}&#8221;][\/et_pb_column][\/et_pb_row][et_pb_row _builder_version=&#8221;4.19.2&#8243; _module_preset=&#8221;default&#8221; custom_margin=&#8221;33px|auto||auto||&#8221; global_colors_info=&#8221;{}&#8221;][et_pb_column type=&#8221;4_4&#8243; _builder_version=&#8221;4.19.2&#8243; _module_preset=&#8221;default&#8221; global_colors_info=&#8221;{}&#8221;][et_pb_text module_id=&#8221;partenaires&#8221; _builder_version=&#8221;4.19.2&#8243; _module_preset=&#8221;default&#8221; text_font_size=&#8221;30px&#8221; text_font_size_tablet=&#8221;30px&#8221; text_font_size_phone=&#8221;25px&#8221; text_font_size_last_edited=&#8221;on|tablet&#8221; global_colors_info=&#8221;{}&#8221;]<\/p>\n<p style=\"text-align: center;\">5 &#8211; Pied diab\u00e9tique (Partie 1)<\/p>\n<p>[\/et_pb_text][et_pb_divider color=&#8221;#42829B&#8221; _builder_version=&#8221;4.19.2&#8243; _module_preset=&#8221;default&#8221; width=&#8221;25%&#8221; module_alignment=&#8221;center&#8221; global_colors_info=&#8221;{}&#8221;][\/et_pb_divider][\/et_pb_column][\/et_pb_row][et_pb_row column_structure=&#8221;1_4,1_4,1_4,1_4&#8243; _builder_version=&#8221;4.19.2&#8243; _module_preset=&#8221;default&#8221; global_colors_info=&#8221;{}&#8221;][et_pb_column type=&#8221;1_4&#8243; _builder_version=&#8221;4.19.2&#8243; _module_preset=&#8221;default&#8221; global_colors_info=&#8221;{}&#8221;][et_pb_image src=&#8221;https:\/\/www.jrpc.re\/wp-content\/uploads\/2023\/07\/1-JPRC2023-THIRAPATHI-YoganandaDiabete-Ethnie-1-scaled.jpg&#8221; title_text=&#8221;1 -JPRC2023 THIRAPATHI YoganandaDiabete Ethnie-1&#8243; url=&#8221;https:\/\/www.jrpc.re\/wp-content\/uploads\/2023\/07\/1-JPRC2023-THIRAPATHI-YoganandaDiabete-Ethnie.pdf&#8221; url_new_window=&#8221;on&#8221; _builder_version=&#8221;4.19.2&#8243; _module_preset=&#8221;default&#8221; global_colors_info=&#8221;{}&#8221;][\/et_pb_image][\/et_pb_column][et_pb_column type=&#8221;1_4&#8243; _builder_version=&#8221;4.19.2&#8243; _module_preset=&#8221;default&#8221; global_colors_info=&#8221;{}&#8221;][et_pb_image src=&#8221;https:\/\/www.jrpc.re\/wp-content\/uploads\/2023\/07\/2-JRPC2023_NOBECOURT_ESTELLE_LE-DIABETE-les-avancees-therapeutiques2.-1-scaled.jpg&#8221; title_text=&#8221;2 &#8211; JRPC2023_NOBECOURT_ESTELLE_LE DIABETE les avance\u0301es the\u0301rapeutiques2.-1&#8243; url=&#8221;https:\/\/www.jrpc.re\/wp-content\/uploads\/2023\/07\/2-JRPC2023_NOBECOURT_ESTELLE_LE-DIABETE-les-avancees-therapeutiques2.pdf&#8221; url_new_window=&#8221;on&#8221; _builder_version=&#8221;4.19.2&#8243; _module_preset=&#8221;default&#8221; global_colors_info=&#8221;{}&#8221;][\/et_pb_image][\/et_pb_column][et_pb_column type=&#8221;1_4&#8243; _builder_version=&#8221;4.19.2&#8243; _module_preset=&#8221;default&#8221; global_colors_info=&#8221;{}&#8221;][et_pb_image src=&#8221;https:\/\/www.jrpc.re\/wp-content\/uploads\/2023\/07\/3-JRPC2023_Jarlet_Eric_Obj-ectifs_metaboliques_chez_nos_patients_avec_plaie_-de_pieds_diabetiques-1-scaled.jpg&#8221; title_text=&#8221;3 &#8211; JRPC2023_Jarlet_Eric_Obj ectifs_me\u0301taboliques_chez_nos_patients_avec_plaie_ de_pieds_diabetiques-1&#8243; url=&#8221;https:\/\/www.jrpc.re\/wp-content\/uploads\/2023\/07\/3-JRPC2023_Jarlet_Eric_Obj-ectifs_metaboliques_chez_nos_patients_avec_plaie_-de_pieds_diabetiques.pdf&#8221; url_new_window=&#8221;on&#8221; _builder_version=&#8221;4.19.2&#8243; _module_preset=&#8221;default&#8221; global_colors_info=&#8221;{}&#8221;][\/et_pb_image][\/et_pb_column][et_pb_column type=&#8221;1_4&#8243; _builder_version=&#8221;4.19.2&#8243; _module_preset=&#8221;default&#8221; global_colors_info=&#8221;{}&#8221;][et_pb_image src=&#8221;https:\/\/www.jrpc.re\/wp-content\/uploads\/2023\/07\/4-JRPC2023_Hart_Guilhem_NeuropathieDuPiedDiabetique-1-scaled.jpg&#8221; title_text=&#8221;4 -JRPC2023_Hart_Guilhem_NeuropathieDuPiedDiabetique-1&#8243; url=&#8221;https:\/\/www.jrpc.re\/wp-content\/uploads\/2023\/07\/4-JRPC2023_Hart_Guilhem_NeuropathieDuPiedDiabetique.pdf&#8221; url_new_window=&#8221;on&#8221; _builder_version=&#8221;4.19.2&#8243; _module_preset=&#8221;default&#8221; global_colors_info=&#8221;{}&#8221;][\/et_pb_image][\/et_pb_column][\/et_pb_row][et_pb_row column_structure=&#8221;1_4,1_4,1_4,1_4&#8243; _builder_version=&#8221;4.19.2&#8243; _module_preset=&#8221;default&#8221; global_colors_info=&#8221;{}&#8221;][et_pb_column type=&#8221;1_4&#8243; _builder_version=&#8221;4.19.2&#8243; _module_preset=&#8221;default&#8221; global_colors_info=&#8221;{}&#8221;][et_pb_image src=&#8221;https:\/\/www.jrpc.re\/wp-content\/uploads\/2023\/07\/5-JRPC2023_Guness_Pravesh-kumar-_Le-B-a-Ba-dans-la-prise-en-charge-de-la-plaie-diabetique-1-scaled.jpg&#8221; title_text=&#8221;5 &#8211; JRPC2023_Guness_Pravesh kumar _Le B a\u0300 Ba dans la prise en charge de la plaie diabe\u0301tique -1&#8243; url=&#8221;https:\/\/www.jrpc.re\/wp-content\/uploads\/2023\/07\/5-JRPC2023_Guness_Pravesh-kumar-_Le-B-a-Ba-dans-la-prise-en-charge-de-la-plaie-diabetique-.pdf&#8221; url_new_window=&#8221;on&#8221; _builder_version=&#8221;4.19.2&#8243; _module_preset=&#8221;default&#8221; global_colors_info=&#8221;{}&#8221;][\/et_pb_image][\/et_pb_column][et_pb_column type=&#8221;1_4&#8243; _builder_version=&#8221;4.19.2&#8243; _module_preset=&#8221;default&#8221; global_colors_info=&#8221;{}&#8221;][et_pb_image src=&#8221;https:\/\/www.jrpc.re\/wp-content\/uploads\/2023\/07\/6-JRPC2023_Perrichot_Olivier_La-filiere-Pied-Nord-Reunion-1-scaled.jpg&#8221; title_text=&#8221;6 &#8211; JRPC2023_Perrichot_Olivier_La filie\u0300re Pied Nord Re\u0301union-1&#8243; url=&#8221;https:\/\/www.jrpc.re\/wp-content\/uploads\/2023\/07\/6-JRPC2023_Perrichot_Olivier_La-filiere-Pied-Nord-Reunion.pdf&#8221; url_new_window=&#8221;on&#8221; _builder_version=&#8221;4.19.2&#8243; _module_preset=&#8221;default&#8221; global_colors_info=&#8221;{}&#8221;][\/et_pb_image][\/et_pb_column][et_pb_column type=&#8221;1_4&#8243; _builder_version=&#8221;4.19.2&#8243; _module_preset=&#8221;default&#8221; global_colors_info=&#8221;{}&#8221;][et_pb_image src=&#8221;https:\/\/www.jrpc.re\/wp-content\/uploads\/2023\/07\/7-JRPC-2023_Perrine-Lesage-decharge-pied-diabetique-29-AVRIL-2023-1-scaled.jpg&#8221; title_text=&#8221;7 -JRPC 2023_Perrine Lesage de\u0301charge pied diabe\u0301tique 29 AVRIL 2023-1&#8243; url=&#8221;https:\/\/www.jrpc.re\/wp-content\/uploads\/2023\/07\/7-JRPC-2023_Perrine-Lesage-decharge-pied-diabetique-29-AVRIL-2023.pdf&#8221; url_new_window=&#8221;on&#8221; _builder_version=&#8221;4.19.2&#8243; _module_preset=&#8221;default&#8221; global_colors_info=&#8221;{}&#8221;][\/et_pb_image][\/et_pb_column][et_pb_column type=&#8221;1_4&#8243; _builder_version=&#8221;4.19.2&#8243; _module_preset=&#8221;default&#8221; global_colors_info=&#8221;{}&#8221;][\/et_pb_column][\/et_pb_row][et_pb_row _builder_version=&#8221;4.19.2&#8243; _module_preset=&#8221;default&#8221; custom_margin=&#8221;33px|auto||auto||&#8221; global_colors_info=&#8221;{}&#8221;][et_pb_column type=&#8221;4_4&#8243; _builder_version=&#8221;4.19.2&#8243; _module_preset=&#8221;default&#8221; global_colors_info=&#8221;{}&#8221;][et_pb_text module_id=&#8221;partenaires&#8221; _builder_version=&#8221;4.19.2&#8243; _module_preset=&#8221;default&#8221; text_font_size=&#8221;30px&#8221; text_font_size_tablet=&#8221;30px&#8221; text_font_size_phone=&#8221;25px&#8221; text_font_size_last_edited=&#8221;on|tablet&#8221; global_colors_info=&#8221;{}&#8221;]<\/p>\n<p style=\"text-align: center;\">6 &#8211; Pied diab\u00e9tique (Partie 2)<\/p>\n<p>[\/et_pb_text][et_pb_divider color=&#8221;#42829B&#8221; _builder_version=&#8221;4.19.2&#8243; _module_preset=&#8221;default&#8221; width=&#8221;25%&#8221; module_alignment=&#8221;center&#8221; global_colors_info=&#8221;{}&#8221;][\/et_pb_divider][\/et_pb_column][\/et_pb_row][et_pb_row column_structure=&#8221;1_4,1_4,1_4,1_4&#8243; _builder_version=&#8221;4.19.2&#8243; _module_preset=&#8221;default&#8221; global_colors_info=&#8221;{}&#8221;][et_pb_column type=&#8221;1_4&#8243; _builder_version=&#8221;4.19.2&#8243; _module_preset=&#8221;default&#8221; global_colors_info=&#8221;{}&#8221;][et_pb_image src=&#8221;https:\/\/www.jrpc.re\/wp-content\/uploads\/2023\/07\/1-JRPC-2023_KLEJTMAN_Tiffany_-Explorat-ions-hemodynamiques-vasculaires-1-scaled.jpg&#8221; title_text=&#8221;1 &#8211; JRPC 2023_KLEJTMAN_Tiffany_ Explorat ions he\u0301modynamiques vasculaires-1&#8243; url=&#8221;https:\/\/www.jrpc.re\/wp-content\/uploads\/2023\/07\/1-JRPC-2023_KLEJTMAN_Tiffany_-Explorat-ions-hemodynamiques-vasculaires.pdf&#8221; url_new_window=&#8221;on&#8221; _builder_version=&#8221;4.19.2&#8243; _module_preset=&#8221;default&#8221; global_colors_info=&#8221;{}&#8221;][\/et_pb_image][\/et_pb_column][et_pb_column type=&#8221;1_4&#8243; _builder_version=&#8221;4.19.2&#8243; _module_preset=&#8221;default&#8221; global_colors_info=&#8221;{}&#8221;][et_pb_image src=&#8221;https:\/\/www.jrpc.re\/wp-content\/uploads\/2023\/07\/2-JRPC2023-Dr-Veerapen-Reuben-nouveautes-en-chirurgie-de-revascularisation-1-scaled.jpg&#8221; title_text=&#8221;2 &#8211; JRPC2023 Dr Veerapen Reuben nouveautes en chirurgie de revascularisation-1&#8243; url=&#8221;https:\/\/www.jrpc.re\/wp-content\/uploads\/2023\/07\/2-JRPC2023-Dr-Veerapen-Reuben-nouveautes-en-chirurgie-de-revascularisation.pdf&#8221; url_new_window=&#8221;on&#8221; _builder_version=&#8221;4.19.2&#8243; _module_preset=&#8221;default&#8221; global_colors_info=&#8221;{}&#8221;][\/et_pb_image][\/et_pb_column][et_pb_column type=&#8221;1_4&#8243; _builder_version=&#8221;4.19.2&#8243; _module_preset=&#8221;default&#8221; global_colors_info=&#8221;{}&#8221;][et_pb_image src=&#8221;https:\/\/www.jrpc.re\/wp-content\/uploads\/2023\/07\/3-JRPC-2023_Diallo-Kevin_Infections-de-pied-diabetique-1-scaled.jpg&#8221; title_text=&#8221;3 &#8211; JRPC 2023_Diallo Kevin_Infections de pied diabe\u0301tique-1&#8243; url=&#8221;https:\/\/www.jrpc.re\/wp-content\/uploads\/2023\/07\/3-JRPC-2023_Diallo-Kevin_Infections-de-pied-diabetique.pdf&#8221; url_new_window=&#8221;on&#8221; _builder_version=&#8221;4.19.2&#8243; _module_preset=&#8221;default&#8221; global_colors_info=&#8221;{}&#8221;][\/et_pb_image][\/et_pb_column][et_pb_column type=&#8221;1_4&#8243; _builder_version=&#8221;4.19.2&#8243; _module_preset=&#8221;default&#8221; global_colors_info=&#8221;{}&#8221;][et_pb_image src=&#8221;https:\/\/www.jrpc.re\/wp-content\/uploads\/2023\/07\/4-JRPC2023_MASSEGUIN_Thomas_Apport-de-loxygenotherapie-hyperbare-dans-la-prise-en-charge-des-plaies-du-mal-perforant-plantaire-1-scaled.jpg&#8221; title_text=&#8221;4 &#8211; JRPC2023_MASSEGUIN_Thomas_Apport de l\u2019oxyge\u0301nothe\u0301rapie hyperbare dans la prise en charge des plaies du mal perforant plantaire-1&#8243; url=&#8221;https:\/\/www.jrpc.re\/wp-content\/uploads\/2023\/07\/4-JRPC2023_MASSEGUIN_Thomas_Apport-de-loxygenotherapie-hyperbare-dans-la-prise-en-charge-des-plaies-du-mal-perforant-plantaire-1.pdf&#8221; url_new_window=&#8221;on&#8221; _builder_version=&#8221;4.19.2&#8243; _module_preset=&#8221;default&#8221; global_colors_info=&#8221;{}&#8221;][\/et_pb_image][\/et_pb_column][\/et_pb_row][et_pb_row column_structure=&#8221;1_4,1_4,1_4,1_4&#8243; _builder_version=&#8221;4.19.2&#8243; _module_preset=&#8221;default&#8221; global_colors_info=&#8221;{}&#8221;][et_pb_column type=&#8221;1_4&#8243; _builder_version=&#8221;4.19.2&#8243; _module_preset=&#8221;default&#8221; global_colors_info=&#8221;{}&#8221;][et_pb_image src=&#8221;https:\/\/www.jrpc.re\/wp-content\/uploads\/2023\/07\/5-JRPC2023_Ovigue_Jordan-1-scaled.jpg&#8221; title_text=&#8221;5 &#8211; JRPC2023_Ovigue_Jordan-1&#8243; url=&#8221;https:\/\/www.jrpc.re\/wp-content\/uploads\/2023\/07\/5-JRPC2023_Ovigue_Jordan.pdf&#8221; url_new_window=&#8221;on&#8221; _builder_version=&#8221;4.19.2&#8243; _module_preset=&#8221;default&#8221; global_colors_info=&#8221;{}&#8221;][\/et_pb_image][\/et_pb_column][et_pb_column type=&#8221;1_4&#8243; _builder_version=&#8221;4.19.2&#8243; _module_preset=&#8221;default&#8221; global_colors_info=&#8221;{}&#8221;][et_pb_image src=&#8221;https:\/\/www.jrpc.re\/wp-content\/uploads\/2023\/07\/6-JRPC-2023_Perrine-Lesage-Moignon-Amputation-29-AVRIL-2023-3-scaled.jpg&#8221; title_text=&#8221;6 &#8211; JRPC 2023_Perrine Lesage Moignon Amputation 29 AVRIL 2023-3&#8243; url=&#8221;https:\/\/www.jrpc.re\/wp-content\/uploads\/2023\/07\/6-JRPC-2023_Perrine-Lesage-Moignon-Amputation-29-AVRIL-2023.pdf&#8221; url_new_window=&#8221;on&#8221; _builder_version=&#8221;4.19.2&#8243; _module_preset=&#8221;default&#8221; global_colors_info=&#8221;{}&#8221;][\/et_pb_image][\/et_pb_column][et_pb_column type=&#8221;1_4&#8243; _builder_version=&#8221;4.19.2&#8243; _module_preset=&#8221;default&#8221; global_colors_info=&#8221;{}&#8221;][\/et_pb_column][et_pb_column type=&#8221;1_4&#8243; _builder_version=&#8221;4.19.2&#8243; _module_preset=&#8221;default&#8221; global_colors_info=&#8221;{}&#8221;][\/et_pb_column][\/et_pb_row][et_pb_row _builder_version=&#8221;4.19.2&#8243; _module_preset=&#8221;default&#8221; custom_margin=&#8221;33px|auto||auto||&#8221; global_colors_info=&#8221;{}&#8221;][et_pb_column type=&#8221;4_4&#8243; _builder_version=&#8221;4.19.2&#8243; _module_preset=&#8221;default&#8221; global_colors_info=&#8221;{}&#8221;][et_pb_text module_id=&#8221;partenaires&#8221; _builder_version=&#8221;4.19.2&#8243; _module_preset=&#8221;default&#8221; text_font_size=&#8221;30px&#8221; text_font_size_tablet=&#8221;30px&#8221; text_font_size_phone=&#8221;25px&#8221; text_font_size_last_edited=&#8221;on|tablet&#8221; global_colors_info=&#8221;{}&#8221;]<\/p>\n<p style=\"text-align: center;\">7 &#8211; T\u00e9l\u00e9m\u00e9decine<\/p>\n<p>[\/et_pb_text][et_pb_divider color=&#8221;#42829B&#8221; _builder_version=&#8221;4.19.2&#8243; _module_preset=&#8221;default&#8221; width=&#8221;25%&#8221; module_alignment=&#8221;center&#8221; global_colors_info=&#8221;{}&#8221;][\/et_pb_divider][\/et_pb_column][\/et_pb_row][et_pb_row column_structure=&#8221;1_4,1_4,1_4,1_4&#8243; _builder_version=&#8221;4.19.2&#8243; _module_preset=&#8221;default&#8221; global_colors_info=&#8221;{}&#8221;][et_pb_column type=&#8221;1_4&#8243; _builder_version=&#8221;4.19.2&#8243; _module_preset=&#8221;default&#8221; global_colors_info=&#8221;{}&#8221;][et_pb_image src=&#8221;https:\/\/www.jrpc.re\/wp-content\/uploads\/2023\/07\/1-JRPC2023_LERAT-Denis-_-MOLIN-Sylvie_Le-Numerique-en-Sante-v2-titres-calibri-1-scaled.jpg&#8221; title_text=&#8221;1 &#8211; JRPC2023_LERAT Denis _ MOLIN Sylvie_Le Nume\u0301rique en Sante\u0301 v2- titres calibri-1&#8243; url=&#8221;https:\/\/www.jrpc.re\/wp-content\/uploads\/2023\/07\/1-JRPC2023_LERAT-Denis-_-MOLIN-Sylvie_Le-Numerique-en-Sante-v2-titres-calibri.pdf&#8221; url_new_window=&#8221;on&#8221; _builder_version=&#8221;4.19.2&#8243; _module_preset=&#8221;default&#8221; global_colors_info=&#8221;{}&#8221;][\/et_pb_image][\/et_pb_column][et_pb_column type=&#8221;1_4&#8243; _builder_version=&#8221;4.19.2&#8243; _module_preset=&#8221;default&#8221; global_colors_info=&#8221;{}&#8221;][et_pb_image src=&#8221;https:\/\/www.jrpc.re\/wp-content\/uploads\/2023\/07\/2-3-generalisation-1-scaled.jpg&#8221; title_text=&#8221;2 +3 generalisation-1&#8243; url=&#8221;https:\/\/www.jrpc.re\/wp-content\/uploads\/2023\/07\/2-3-generalisation.pdf&#8221; url_new_window=&#8221;on&#8221; _builder_version=&#8221;4.19.2&#8243; _module_preset=&#8221;default&#8221; global_colors_info=&#8221;{}&#8221;][\/et_pb_image][\/et_pb_column][et_pb_column type=&#8221;1_4&#8243; _builder_version=&#8221;4.19.2&#8243; _module_preset=&#8221;default&#8221; global_colors_info=&#8221;{}&#8221;][et_pb_image src=&#8221;https:\/\/www.jrpc.re\/wp-content\/uploads\/2023\/07\/35-Teleassistance-JRPC-AVRIL-2023-1-scaled.jpg&#8221; title_text=&#8221;3,5 &#8211; Teleassistance JRPC AVRIL 2023-1&#8243; url=&#8221;https:\/\/www.jrpc.re\/wp-content\/uploads\/2023\/07\/35-Teleassistance-JRPC-AVRIL-2023.pdf&#8221; url_new_window=&#8221;on&#8221; _builder_version=&#8221;4.19.2&#8243; _module_preset=&#8221;default&#8221; global_colors_info=&#8221;{}&#8221;][\/et_pb_image][\/et_pb_column][et_pb_column type=&#8221;1_4&#8243; _builder_version=&#8221;4.19.2&#8243; _module_preset=&#8221;default&#8221; global_colors_info=&#8221;{}&#8221;][et_pb_image src=&#8221;https:\/\/www.jrpc.re\/wp-content\/uploads\/2023\/07\/4-JRPC-2023_-Pothin_-Maillot-_te_le_-medecine-OHB-JRPC-AVRIL-2023-1-scaled.jpg&#8221; title_text=&#8221;4 &#8211; JRPC 2023_ Pothin_ Maillot _te_le_ me\u0301decine OHB JRPC AVRIL 2023-1&#8243; url=&#8221;https:\/\/www.jrpc.re\/wp-content\/uploads\/2023\/07\/4-JRPC-2023_-Pothin_-Maillot-_te_le_-medecine-OHB-JRPC-AVRIL-2023.pdf&#8221; url_new_window=&#8221;on&#8221; _builder_version=&#8221;4.19.2&#8243; _module_preset=&#8221;default&#8221; global_colors_info=&#8221;{}&#8221;][\/et_pb_image][\/et_pb_column][\/et_pb_row][et_pb_row column_structure=&#8221;1_4,1_4,1_4,1_4&#8243; _builder_version=&#8221;4.19.2&#8243; _module_preset=&#8221;default&#8221; global_colors_info=&#8221;{}&#8221;][et_pb_column type=&#8221;1_4&#8243; _builder_version=&#8221;4.19.2&#8243; _module_preset=&#8221;default&#8221; global_colors_info=&#8221;{}&#8221;][et_pb_image src=&#8221;https:\/\/www.jrpc.re\/wp-content\/uploads\/2023\/07\/5-JRPC-2023-Dr-Reuben-Veerapen-Gecoplaies-1-scaled.jpg&#8221; title_text=&#8221;5 &#8211; JRPC 2023 Dr Reuben Veerapen Gecoplaies-1&#8243; url=&#8221;https:\/\/www.jrpc.re\/wp-content\/uploads\/2023\/07\/5-JRPC-2023-Dr-Reuben-Veerapen-Gecoplaies.pdf&#8221; url_new_window=&#8221;on&#8221; _builder_version=&#8221;4.19.2&#8243; _module_preset=&#8221;default&#8221; global_colors_info=&#8221;{}&#8221;][\/et_pb_image][\/et_pb_column][et_pb_column type=&#8221;1_4&#8243; _builder_version=&#8221;4.19.2&#8243; _module_preset=&#8221;default&#8221; global_colors_info=&#8221;{}&#8221;][et_pb_image src=&#8221;https:\/\/www.jrpc.re\/wp-content\/uploads\/2023\/07\/6-JRPC-2023_JOLY_Elisa_Teleexpertise-CHU-Sud-Dermatologie-1-scaled.jpg&#8221; title_text=&#8221;6 &#8211; JRPC 2023_JOLY_Elisa_Te\u0301le\u0301expertise CHU Sud &#8211; Dermatologie-1&#8243; url=&#8221;https:\/\/www.jrpc.re\/wp-content\/uploads\/2023\/07\/6-JRPC-2023_JOLY_Elisa_Teleexpertise-CHU-Sud-Dermatologie.pdf&#8221; url_new_window=&#8221;on&#8221; _builder_version=&#8221;4.19.2&#8243; _module_preset=&#8221;default&#8221; global_colors_info=&#8221;{}&#8221;][\/et_pb_image][\/et_pb_column][et_pb_column type=&#8221;1_4&#8243; _builder_version=&#8221;4.19.2&#8243; _module_preset=&#8221;default&#8221; global_colors_info=&#8221;{}&#8221;][et_pb_image src=&#8221;https:\/\/www.jrpc.re\/wp-content\/uploads\/2023\/07\/domoplaies-JRPC-2023-copie-1-scaled.jpg&#8221; title_text=&#8221;domoplaies JRPC 2023 copie-1&#8243; url=&#8221;https:\/\/www.jrpc.re\/wp-content\/uploads\/2023\/07\/domoplaies-JRPC-2023-copie.pdf&#8221; url_new_window=&#8221;on&#8221; _builder_version=&#8221;4.19.2&#8243; _module_preset=&#8221;default&#8221; global_colors_info=&#8221;{}&#8221;][\/et_pb_image][\/et_pb_column][et_pb_column type=&#8221;1_4&#8243; _builder_version=&#8221;4.19.2&#8243; _module_preset=&#8221;default&#8221; global_colors_info=&#8221;{}&#8221;][\/et_pb_column][\/et_pb_row][et_pb_row _builder_version=&#8221;4.19.2&#8243; _module_preset=&#8221;default&#8221; custom_margin=&#8221;33px|auto||auto||&#8221; global_colors_info=&#8221;{}&#8221;][et_pb_column type=&#8221;4_4&#8243; _builder_version=&#8221;4.19.2&#8243; _module_preset=&#8221;default&#8221; global_colors_info=&#8221;{}&#8221;][et_pb_text module_id=&#8221;partenaires&#8221; _builder_version=&#8221;4.19.2&#8243; _module_preset=&#8221;default&#8221; text_font_size=&#8221;30px&#8221; text_font_size_tablet=&#8221;30px&#8221; text_font_size_phone=&#8221;25px&#8221; text_font_size_last_edited=&#8221;on|tablet&#8221; global_colors_info=&#8221;{}&#8221;]<\/p>\n<p style=\"text-align: center;\">8 &#8211; Quoi de neuf<\/p>\n<p>[\/et_pb_text][et_pb_divider color=&#8221;#42829B&#8221; _builder_version=&#8221;4.19.2&#8243; _module_preset=&#8221;default&#8221; width=&#8221;25%&#8221; module_alignment=&#8221;center&#8221; global_colors_info=&#8221;{}&#8221;][\/et_pb_divider][\/et_pb_column][\/et_pb_row][et_pb_row column_structure=&#8221;1_4,1_4,1_4,1_4&#8243; _builder_version=&#8221;4.19.2&#8243; _module_preset=&#8221;default&#8221; global_colors_info=&#8221;{}&#8221;][et_pb_column type=&#8221;1_4&#8243; _builder_version=&#8221;4.19.2&#8243; _module_preset=&#8221;default&#8221; global_colors_info=&#8221;{}&#8221;][et_pb_image src=&#8221;https:\/\/www.jrpc.re\/wp-content\/uploads\/2023\/07\/1-QDN-pansement-MEAUME-JRPC-2023-V2-1-scaled.jpg&#8221; title_text=&#8221;1 &#8211; QDN pansement MEAUME JRPC 2023 V2 -1&#8243; url=&#8221;https:\/\/www.jrpc.re\/wp-content\/uploads\/2023\/07\/1-QDN-pansement-MEAUME-JRPC-2023-V2-.pdf&#8221; url_new_window=&#8221;on&#8221; _builder_version=&#8221;4.19.2&#8243; _module_preset=&#8221;default&#8221; global_colors_info=&#8221;{}&#8221;][\/et_pb_image][\/et_pb_column][et_pb_column type=&#8221;1_4&#8243; _builder_version=&#8221;4.19.2&#8243; _module_preset=&#8221;default&#8221; global_colors_info=&#8221;{}&#8221;][et_pb_image src=&#8221;https:\/\/www.jrpc.re\/wp-content\/uploads\/2023\/07\/2-JRPC-2023-maillot_-Cedelle_-quoi-de-neuf-IDE-jrpc-2023-1-scaled.jpg&#8221; title_text=&#8221;2 &#8211; JRPC 2023 maillot_ Cedelle_ quoi de neuf IDE jrpc 2023-1&#8243; url=&#8221;https:\/\/www.jrpc.re\/wp-content\/uploads\/2023\/07\/1-QDN-pansement-MEAUME-JRPC-2023-V2-.pdf&#8221; url_new_window=&#8221;on&#8221; _builder_version=&#8221;4.19.2&#8243; _module_preset=&#8221;default&#8221; global_colors_info=&#8221;{}&#8221;][\/et_pb_image][\/et_pb_column][et_pb_column type=&#8221;1_4&#8243; _builder_version=&#8221;4.19.2&#8243; _module_preset=&#8221;default&#8221; global_colors_info=&#8221;{}&#8221;][et_pb_image src=&#8221;https:\/\/www.jrpc.re\/wp-content\/uploads\/2023\/07\/3-qdn-tpn-1-scaled.jpg&#8221; title_text=&#8221;3 &#8211; qdn tpn-1&#8243; url=&#8221;https:\/\/www.jrpc.re\/wp-content\/uploads\/2023\/07\/3-qdn-tpn.pdf&#8221; url_new_window=&#8221;on&#8221; _builder_version=&#8221;4.19.2&#8243; _module_preset=&#8221;default&#8221; global_colors_info=&#8221;{}&#8221;][\/et_pb_image][\/et_pb_column][et_pb_column type=&#8221;1_4&#8243; _builder_version=&#8221;4.19.2&#8243; _module_preset=&#8221;default&#8221; global_colors_info=&#8221;{}&#8221;][et_pb_image src=&#8221;https:\/\/www.jrpc.re\/wp-content\/uploads\/2023\/07\/4-quoi-de-neuf-1-scaled.jpg&#8221; title_text=&#8221;4 &#8211; quoi de neuf-1&#8243; url=&#8221;https:\/\/www.jrpc.re\/wp-content\/uploads\/2023\/07\/4-quoi-de-neuf.pdf&#8221; url_new_window=&#8221;on&#8221; _builder_version=&#8221;4.19.2&#8243; _module_preset=&#8221;default&#8221; global_colors_info=&#8221;{}&#8221;][\/et_pb_image][\/et_pb_column][\/et_pb_row][\/et_pb_section]<\/p>\n","protected":false},"excerpt":{"rendered":"<p>Dossiers Congr\u00e8sRetrouvez les points cl\u00e9s et les PDF des sujets qui ont \u00e9t\u00e9 trait\u00e9s lors des JRPC 20231 &#8211; Ulc\u00e8res Veineux2 &#8211; Ecologie3 &#8211; Communications libres4 &#8211; Br\u00fblures et cicatrices5 &#8211; Pied diab\u00e9tique (Partie 1)6 &#8211; Pied diab\u00e9tique (Partie 2)7 &#8211; T\u00e9l\u00e9m\u00e9decine8 &#8211; Quoi de neuf<\/p>\n","protected":false},"author":1,"featured_media":0,"parent":0,"menu_order":0,"comment_status":"closed","ping_status":"closed","template":"","meta":{"_et_pb_use_builder":"on","_et_pb_old_content":"<!-- wp:paragraph -->\n<p>Ceci est une page d\u2019exemple. C\u2019est diff\u00e9rent d\u2019un article de blog parce qu\u2019elle restera au m\u00eame endroit et appara\u00eetra dans la navigation de votre site (dans la plupart des th\u00e8mes). La plupart des gens commencent par une page \u00ab\u00a0\u00c0 propos\u00a0\u00bb qui les pr\u00e9sente aux personnes visitant le site. Cela pourrait ressembler \u00e0 quelque chose comme cela\u00a0:<\/p>\n<!-- \/wp:paragraph -->\n\n<!-- wp:quote -->\n<blockquote class=\"wp-block-quote\"><p>Bonjour\u00a0! Je suis un m\u00e9canicien qui aspire \u00e0 devenir acteur, et voici mon site. J\u2019habite \u00e0 Bordeaux, j\u2019ai un super chien baptis\u00e9 Russell, et j\u2019aime la vodka (ainsi qu\u2019\u00eatre surpris par la pluie soudaine lors de longues balades sur la plage au coucher du soleil).<\/p><\/blockquote>\n<!-- \/wp:quote -->\n\n<!-- wp:paragraph -->\n<p>\u2026ou quelque chose comme cela\u00a0:<\/p>\n<!-- \/wp:paragraph -->\n\n<!-- wp:quote -->\n<blockquote class=\"wp-block-quote\"><p>La soci\u00e9t\u00e9 123 Machin Truc a \u00e9t\u00e9 cr\u00e9\u00e9e en 1971, et n\u2019a cess\u00e9 de proposer au public des machins-trucs de qualit\u00e9 depuis lors. Situ\u00e9e \u00e0 Saint-Remy-en-Bouzemont-Saint-Genest-et-Isson, 123 Machin Truc emploie 2 000 personnes, et fabrique toutes sortes de bidules supers pour la communaut\u00e9 bouzemontoise.<\/p><\/blockquote>\n<!-- \/wp:quote -->\n\n<!-- wp:paragraph -->\n<p>En tant que nouvel utilisateur ou utilisatrice de WordPress, vous devriez vous rendre sur <a href=\"http:\/\/www.jrpc.re\/wp-admin\/\">votre tableau de bord<\/a> pour supprimer cette page et cr\u00e9er de nouvelles pages pour votre contenu. Amusez-vous bien\u00a0!<\/p>\n<!-- \/wp:paragraph -->","_et_gb_content_width":"","footnotes":""},"class_list":["post-659","page","type-page","status-publish","hentry"],"_links":{"self":[{"href":"https:\/\/www.jrpc.re\/index.php\/wp-json\/wp\/v2\/pages\/659","targetHints":{"allow":["GET"]}}],"collection":[{"href":"https:\/\/www.jrpc.re\/index.php\/wp-json\/wp\/v2\/pages"}],"about":[{"href":"https:\/\/www.jrpc.re\/index.php\/wp-json\/wp\/v2\/types\/page"}],"author":[{"embeddable":true,"href":"https:\/\/www.jrpc.re\/index.php\/wp-json\/wp\/v2\/users\/1"}],"replies":[{"embeddable":true,"href":"https:\/\/www.jrpc.re\/index.php\/wp-json\/wp\/v2\/comments?post=659"}],"version-history":[{"count":13,"href":"https:\/\/www.jrpc.re\/index.php\/wp-json\/wp\/v2\/pages\/659\/revisions"}],"predecessor-version":[{"id":779,"href":"https:\/\/www.jrpc.re\/index.php\/wp-json\/wp\/v2\/pages\/659\/revisions\/779"}],"wp:attachment":[{"href":"https:\/\/www.jrpc.re\/index.php\/wp-json\/wp\/v2\/media?parent=659"}],"curies":[{"name":"wp","href":"https:\/\/api.w.org\/{rel}","templated":true}]}}